{"id":3524,"date":"2021-11-29T14:05:45","date_gmt":"2021-11-29T14:05:45","guid":{"rendered":"https:\/\/fpba.nl\/update23\/?post_type=architectuur&#038;p=3524"},"modified":"2023-04-07T07:06:37","modified_gmt":"2023-04-07T07:06:37","slug":"hotel-in-de-groene-jager-barchem","status":"publish","type":"architectuur","link":"https:\/\/fpba.nl\/update23\/architectuur\/hotel-in-de-groene-jager-barchem\/","title":{"rendered":"Hotel &#8216;In de Groene Jager&#8217;, Barchem"},"content":{"rendered":"<div class=\"colwrapper\"><div class=\"twocolleft\">\n<h4>Het hotel is in 1948 ontworpen door de architect J.F. Berghoef. Het gebouw heeft de afgelopen decennia veel veranderingen ondergaan. In 2021 is een plan gemaakt om het hotel weer in ere te herstellen en de functionaliteit en duurzaamheid te verbeteren.<\/h4>\n<\/div>\n\n<!-- \/wp:shortcode -->\n\n<!-- wp:shortcode -->\n\n<div class=\"twocolright\"> <img loading=\"lazy\" decoding=\"async\" class=\"alignnone size-medium wp-image-3556\" src=\"https:\/\/fpba.nl\/update23\/update23\/wp-content\/uploads\/2021\/12\/FPBA_Barchem_IndeGroeneJager_Frederik_Poll_10-300x200.jpg\" alt=\"\" width=\"300\" height=\"200\" srcset=\"https:\/\/fpba.nl\/update23\/wp-content\/uploads\/2021\/12\/FPBA_Barchem_IndeGroeneJager_Frederik_Poll_10-300x200.jpg 300w, https:\/\/fpba.nl\/update23\/wp-content\/uploads\/2021\/12\/FPBA_Barchem_IndeGroeneJager_Frederik_Poll_10-1024x684.jpg 1024w, https:\/\/fpba.nl\/update23\/wp-content\/uploads\/2021\/12\/FPBA_Barchem_IndeGroeneJager_Frederik_Poll_10-768x513.jpg 768w, https:\/\/fpba.nl\/update23\/wp-content\/uploads\/2021\/12\/FPBA_Barchem_IndeGroeneJager_Frederik_Poll_10-1536x1026.jpg 1536w, https:\/\/fpba.nl\/update23\/wp-content\/uploads\/2021\/12\/FPBA_Barchem_IndeGroeneJager_Frederik_Poll_10-2048x1368.jpg 2048w, https:\/\/fpba.nl\/update23\/wp-content\/uploads\/2021\/12\/FPBA_Barchem_IndeGroeneJager_Frederik_Poll_10-255x170.jpg 255w, https:\/\/fpba.nl\/update23\/wp-content\/uploads\/2021\/12\/FPBA_Barchem_IndeGroeneJager_Frederik_Poll_10-449x300.jpg 449w, https:\/\/fpba.nl\/update23\/wp-content\/uploads\/2021\/12\/FPBA_Barchem_IndeGroeneJager_Frederik_Poll_10-262x175.jpg 262w, https:\/\/fpba.nl\/update23\/wp-content\/uploads\/2021\/12\/FPBA_Barchem_IndeGroeneJager_Frederik_Poll_10-335x224.jpg 335w, https:\/\/fpba.nl\/update23\/wp-content\/uploads\/2021\/12\/FPBA_Barchem_IndeGroeneJager_Frederik_Poll_10-419x280.jpg 419w, https:\/\/fpba.nl\/update23\/wp-content\/uploads\/2021\/12\/FPBA_Barchem_IndeGroeneJager_Frederik_Poll_10-898x600.jpg 898w, https:\/\/fpba.nl\/update23\/wp-content\/uploads\/2021\/12\/FPBA_Barchem_IndeGroeneJager_Frederik_Poll_10-359x240.jpg 359w, https:\/\/fpba.nl\/update23\/wp-content\/uploads\/2021\/12\/FPBA_Barchem_IndeGroeneJager_Frederik_Poll_10-80x53.jpg 80w\" sizes=\"(max-width: 300px) 100vw, 300px\" \/> <\/div><div style=\"clear:both;\"><\/div><\/div>\n\n<div style=\"height:40px;\"><\/div><div class=\"textoverimg\">\n<h2 class=\"p1\">Geschiedenis<\/h2>\n<\/div>\n\n<p class=\"jetpack-slideshow-noscript robots-nocontent\">This slideshow requires JavaScript.<\/p><div id=\"gallery-3524-1-slideshow\" class=\"jetpack-slideshow-window jetpack-slideshow jetpack-slideshow-black\" data-trans=\"fade\" data-autostart=\"1\" data-gallery=\"[{&quot;src&quot;:&quot;https:\\\/\\\/fpba.nl\\\/update23\\\/wp-content\\\/uploads\\\/2021\\\/11\\\/FPBA_Barchem_IndeGroeneJager_Frederik_Poll_08a-1024x684.jpg&quot;,&quot;id&quot;:&quot;3568&quot;,&quot;title&quot;:&quot;Hotel Bosch met de nieuwe waranda. In 1945 door de Duitsers in brand gestoken en afgebrand. Datering ca. 1925. Bron: Regionaal Archief Zutphen.&quot;,&quot;alt&quot;:&quot;&quot;,&quot;caption&quot;:&quot;&quot;,&quot;itemprop&quot;:&quot;image&quot;},{&quot;src&quot;:&quot;https:\\\/\\\/fpba.nl\\\/update23\\\/wp-content\\\/uploads\\\/2021\\\/12\\\/FPBA_Barchem_IndeGroeneJager_Frederik_Poll_10-1024x684.jpg&quot;,&quot;id&quot;:&quot;3556&quot;,&quot;title&quot;:&quot;In 1949 werd het huidige hotel \\u2018In de Groene Jager\\u2019 geopend met de hoofdentree op de hoek. Datering onbekend. Bron: Regionaal Archief Zutphen.&quot;,&quot;alt&quot;:&quot;&quot;,&quot;caption&quot;:&quot;&quot;,&quot;itemprop&quot;:&quot;image&quot;},{&quot;src&quot;:&quot;https:\\\/\\\/fpba.nl\\\/update23\\\/wp-content\\\/uploads\\\/2021\\\/12\\\/FPBA_Barchem_IndeGroeneJager_Frederik_Poll_09-1024x684.jpg&quot;,&quot;id&quot;:&quot;3555&quot;,&quot;title&quot;:&quot;De foto toont de vijfsprong waaraan het hotel ligt. Datering onbekend. Bron: Regionaal Archief Zutphen.&quot;,&quot;alt&quot;:&quot;&quot;,&quot;caption&quot;:&quot;&quot;,&quot;itemprop&quot;:&quot;image&quot;},{&quot;src&quot;:&quot;https:\\\/\\\/fpba.nl\\\/update23\\\/wp-content\\\/uploads\\\/2021\\\/12\\\/FPBA_Barchem_IndeGroeneJager_Frederik_Poll_11-1024x684.jpg&quot;,&quot;id&quot;:&quot;3557&quot;,&quot;title&quot;:&quot;Bestekstekening Hotel \\u2018in de Groene Jager\\u2019 te Barchem. Architect: ir. J.F. Berghoef. Datering: 1949. Bron: Regionaal Archief Zutphen.&quot;,&quot;alt&quot;:&quot;&quot;,&quot;caption&quot;:&quot;&quot;,&quot;itemprop&quot;:&quot;image&quot;},{&quot;src&quot;:&quot;https:\\\/\\\/fpba.nl\\\/update23\\\/wp-content\\\/uploads\\\/2021\\\/12\\\/FPBA_Barchem_IndeGroeneJager_Frederik_Poll_12-1024x684.jpg&quot;,&quot;id&quot;:&quot;3558&quot;,&quot;title&quot;:&quot;Bestekstekening Hotel \\u2018in de Groene Jager\\u2019 te Barchem. Architect: ir. J.F. Berghoef. Datering: 1949. Bron: Regionaal Archief Zutphen.&quot;,&quot;alt&quot;:&quot;&quot;,&quot;caption&quot;:&quot;&quot;,&quot;itemprop&quot;:&quot;image&quot;},{&quot;src&quot;:&quot;https:\\\/\\\/fpba.nl\\\/update23\\\/wp-content\\\/uploads\\\/2021\\\/12\\\/FPBA_Barchem_IndeGroeneJager_Frederik_Poll_03-1024x684.jpg&quot;,&quot;id&quot;:&quot;3549&quot;,&quot;title&quot;:&quot;Het hotel in 2021. De oorspronkelijke veranda is dichtgezet en de erker is veranderd in de hoofdentree. Dit zal weer worden hersteld.&quot;,&quot;alt&quot;:&quot;&quot;,&quot;caption&quot;:&quot;&quot;,&quot;itemprop&quot;:&quot;image&quot;},{&quot;src&quot;:&quot;https:\\\/\\\/fpba.nl\\\/update23\\\/wp-content\\\/uploads\\\/2021\\\/12\\\/FPBA_Barchem_IndeGroeneJager_Frederik_Poll_04-1024x684.jpg&quot;,&quot;id&quot;:&quot;3550&quot;,&quot;title&quot;:&quot;Het hotel in 2021. De oorspronkelijke veranda is dichtgezet en de erker is veranderd in de hoofdentree. Dit zal weer worden hersteld.&quot;,&quot;alt&quot;:&quot;&quot;,&quot;caption&quot;:&quot;&quot;,&quot;itemprop&quot;:&quot;image&quot;},{&quot;src&quot;:&quot;https:\\\/\\\/fpba.nl\\\/update23\\\/wp-content\\\/uploads\\\/2021\\\/12\\\/FPBA_Barchem_IndeGroeneJager_Frederik_Poll_07-1024x684.jpg&quot;,&quot;id&quot;:&quot;3553&quot;,&quot;title&quot;:&quot;Het hotel in 2021. In 1955 is er aan het hotel een feestzaal gebouwd.&quot;,&quot;alt&quot;:&quot;&quot;,&quot;caption&quot;:&quot;&quot;,&quot;itemprop&quot;:&quot;image&quot;},{&quot;src&quot;:&quot;https:\\\/\\\/fpba.nl\\\/update23\\\/wp-content\\\/uploads\\\/2021\\\/12\\\/FPBA_Barchem_IndeGroeneJager_Frederik_Poll_05-1024x684.jpg&quot;,&quot;id&quot;:&quot;3551&quot;,&quot;title&quot;:&quot;Het hotel in 2021. Het interieur zal in z\\u0026#8217;n geheel worden vernieuwd.&quot;,&quot;alt&quot;:&quot;&quot;,&quot;caption&quot;:&quot;&quot;,&quot;itemprop&quot;:&quot;image&quot;},{&quot;src&quot;:&quot;https:\\\/\\\/fpba.nl\\\/update23\\\/wp-content\\\/uploads\\\/2021\\\/12\\\/FPBA_Barchem_IndeGroeneJager_Frederik_Poll_06-1024x684.jpg&quot;,&quot;id&quot;:&quot;3552&quot;,&quot;title&quot;:&quot;Het hotel in 2021. Het interieur zal in z\\u0026#8217;n geheel worden vernieuwd.&quot;,&quot;alt&quot;:&quot;&quot;,&quot;caption&quot;:&quot;&quot;,&quot;itemprop&quot;:&quot;image&quot;}]\" itemscope itemtype=\"https:\/\/schema.org\/ImageGallery\"><\/div>\n<h2 class=\"p1\"><\/h2>\n<div class=\"colwrapper\"><div class=\"twocolleft\">De geschiedenis van het hotel gaat terug tot circa 1860. Het hotel, dat voor de Tweede Wereldoorlog bekend stond als Hotel Bosch, ging in 1945 door oorlogshandelingen verloren. Kort na de oorlog werden plannen gemaakt voor een nieuw hotel door architect J.D. Postma. Het definitieve ontwerp dateert echter uit 1948 en is van de hand van de bekende architect J.F. Berghoef. De opdracht voor het hotel \u201cmet winkel en feest- en vergaderzaal\u201d kwam van hotelier J. Bosch. De architect Berghoef ontwierp een markant gebouw van twee bouwlagen met een flauw hellende kap in een mengvorm van traditionele en moderne stijlelementen. Deze bouwstijl, ook wel \u2019Shake Hands\u2019 genaamd, komt voort uit de Wederopbouwperiode (1945-1960) waarbij traditionele baksteengevels en vormmiddelen worden gecombineerd met moderne materialen en constructiemethoden als staal en beton. <\/div>\n\n<div class=\"twocolright\">Helaas heeft hotel &#8216;In de Groene Jager&#8217; in de loop der jaren veel veranderingen ondergaan. Het oorspronkelijk ontwerp is nog goed leesbaar in de hoofdmassa met de markante betonnen band ter hoogte van de 1e verdieping, de stalen buitenkozijnen met enkel glas, de dakvorm en de bakstenen schoorstenen, maar zijn de overige buitenkozijnen vervangen door houten exemplaren, is de hoofdentree verplaatst naar waar vroeger de erker zat en is de oorspronkelijke veranda is dichtgezet. Op het terrein is het hotel in 1955 uitgebreid met een feestzaal en is de kleurstelling van het geheel gewijzigd. In 2021-2022 zal het hotel weer in ere worden hersteld en tegelijkertijd in functionaliteit en duurzaamheid verbeterd worden. <\/div><div style=\"clear:both;\"><\/div><\/div>\n\n<div style=\"height:40px;\"><\/div><div class=\"textoverimg\">\n<h2 class=\"p1\">Ontwerp in foto tekening<\/h2>\n<\/div>\n\n<p class=\"jetpack-slideshow-noscript robots-nocontent\">This slideshow requires JavaScript.<\/p><div id=\"gallery-3524-2-slideshow\" class=\"jetpack-slideshow-window jetpack-slideshow jetpack-slideshow-black\" data-trans=\"fade\" data-autostart=\"1\" data-gallery=\"[{&quot;src&quot;:&quot;https:\\\/\\\/fpba.nl\\\/update23\\\/wp-content\\\/uploads\\\/2021\\\/11\\\/FPBA_Barchem_IndeGroeneJager_Frederik_Poll_40-1024x684.jpg&quot;,&quot;id&quot;:&quot;3945&quot;,&quot;title&quot;:&quot;FPBA_Barchem_IndeGroeneJager_Frederik_Poll_40&quot;,&quot;alt&quot;:&quot;&quot;,&quot;caption&quot;:&quot;&quot;,&quot;itemprop&quot;:&quot;image&quot;},{&quot;src&quot;:&quot;https:\\\/\\\/fpba.nl\\\/update23\\\/wp-content\\\/uploads\\\/2021\\\/11\\\/FPBA_Barchem_IndeGroeneJager_Frederik_Poll_41-1024x684.jpg&quot;,&quot;id&quot;:&quot;3952&quot;,&quot;title&quot;:&quot;FPBA_Barchem_IndeGroeneJager_Frederik_Poll_41&quot;,&quot;alt&quot;:&quot;&quot;,&quot;caption&quot;:&quot;&quot;,&quot;itemprop&quot;:&quot;image&quot;},{&quot;src&quot;:&quot;https:\\\/\\\/fpba.nl\\\/update23\\\/wp-content\\\/uploads\\\/2021\\\/11\\\/FPBA_Barchem_IndeGroeneJager_Frederik_Poll_42-1024x684.jpg&quot;,&quot;id&quot;:&quot;3951&quot;,&quot;title&quot;:&quot;FPBA_Barchem_IndeGroeneJager_Frederik_Poll_42&quot;,&quot;alt&quot;:&quot;&quot;,&quot;caption&quot;:&quot;&quot;,&quot;itemprop&quot;:&quot;image&quot;},{&quot;src&quot;:&quot;https:\\\/\\\/fpba.nl\\\/update23\\\/wp-content\\\/uploads\\\/2021\\\/11\\\/FPBA_Barchem_IndeGroeneJager_Frederik_Poll_45-1024x684.jpg&quot;,&quot;id&quot;:&quot;3948&quot;,&quot;title&quot;:&quot;FPBA_Barchem_IndeGroeneJager_Frederik_Poll_45&quot;,&quot;alt&quot;:&quot;&quot;,&quot;caption&quot;:&quot;&quot;,&quot;itemprop&quot;:&quot;image&quot;},{&quot;src&quot;:&quot;https:\\\/\\\/fpba.nl\\\/update23\\\/wp-content\\\/uploads\\\/2021\\\/11\\\/FPBA_Barchem_IndeGroeneJager_Frederik_Poll_44-1024x684.jpg&quot;,&quot;id&quot;:&quot;3949&quot;,&quot;title&quot;:&quot;FPBA_Barchem_IndeGroeneJager_Frederik_Poll_44&quot;,&quot;alt&quot;:&quot;&quot;,&quot;caption&quot;:&quot;&quot;,&quot;itemprop&quot;:&quot;image&quot;},{&quot;src&quot;:&quot;https:\\\/\\\/fpba.nl\\\/update23\\\/wp-content\\\/uploads\\\/2021\\\/11\\\/FPBA_Barchem_IndeGroeneJager_Frederik_Poll_46-1024x684.jpg&quot;,&quot;id&quot;:&quot;3947&quot;,&quot;title&quot;:&quot;FPBA_Barchem_IndeGroeneJager_Frederik_Poll_46&quot;,&quot;alt&quot;:&quot;&quot;,&quot;caption&quot;:&quot;&quot;,&quot;itemprop&quot;:&quot;image&quot;},{&quot;src&quot;:&quot;https:\\\/\\\/fpba.nl\\\/update23\\\/wp-content\\\/uploads\\\/2021\\\/11\\\/FPBA_Barchem_IndeGroeneJager_Frederik_Poll_47-1024x684.jpg&quot;,&quot;id&quot;:&quot;3946&quot;,&quot;title&quot;:&quot;FPBA_Barchem_IndeGroeneJager_Frederik_Poll_47&quot;,&quot;alt&quot;:&quot;&quot;,&quot;caption&quot;:&quot;&quot;,&quot;itemprop&quot;:&quot;image&quot;},{&quot;src&quot;:&quot;https:\\\/\\\/fpba.nl\\\/update23\\\/wp-content\\\/uploads\\\/2021\\\/11\\\/FPBA_Barchem_IndeGroeneJager_Frederik_Poll_35-1024x684.jpg&quot;,&quot;id&quot;:&quot;3650&quot;,&quot;title&quot;:&quot;Plattegrondtekening van het souterrain met de facilitaire functies.&quot;,&quot;alt&quot;:&quot;&quot;,&quot;caption&quot;:&quot;&quot;,&quot;itemprop&quot;:&quot;image&quot;},{&quot;src&quot;:&quot;https:\\\/\\\/fpba.nl\\\/update23\\\/wp-content\\\/uploads\\\/2021\\\/11\\\/FPBA_Barchem_IndeGroeneJager_Frederik_Poll_36a-1024x684.jpg&quot;,&quot;id&quot;:&quot;3657&quot;,&quot;title&quot;:&quot;Plattegrondtekening van de begane grond met het restaurant en de foyer.&quot;,&quot;alt&quot;:&quot;&quot;,&quot;caption&quot;:&quot;&quot;,&quot;itemprop&quot;:&quot;image&quot;},{&quot;src&quot;:&quot;https:\\\/\\\/fpba.nl\\\/update23\\\/wp-content\\\/uploads\\\/2021\\\/11\\\/FPBA_Barchem_IndeGroeneJager_Frederik_Poll_37-1024x684.jpg&quot;,&quot;id&quot;:&quot;3652&quot;,&quot;title&quot;:&quot;Plattegrondtekening van de 1e verdieping met de hotelkamers.&quot;,&quot;alt&quot;:&quot;&quot;,&quot;caption&quot;:&quot;&quot;,&quot;itemprop&quot;:&quot;image&quot;},{&quot;src&quot;:&quot;https:\\\/\\\/fpba.nl\\\/update23\\\/wp-content\\\/uploads\\\/2021\\\/11\\\/FPBA_Barchem_IndeGroeneJager_Frederik_Poll_38-1024x684.jpg&quot;,&quot;id&quot;:&quot;3653&quot;,&quot;title&quot;:&quot;Plattegrondtekening van het dak.&quot;,&quot;alt&quot;:&quot;&quot;,&quot;caption&quot;:&quot;&quot;,&quot;itemprop&quot;:&quot;image&quot;},{&quot;src&quot;:&quot;https:\\\/\\\/fpba.nl\\\/update23\\\/wp-content\\\/uploads\\\/2021\\\/11\\\/FPBA_Barchem_IndeGroeneJager_Frederik_Poll_18-1024x684.jpg&quot;,&quot;id&quot;:&quot;3576&quot;,&quot;title&quot;:&quot;Kleuren- en materialenpalet.&quot;,&quot;alt&quot;:&quot;&quot;,&quot;caption&quot;:&quot;&quot;,&quot;itemprop&quot;:&quot;image&quot;}]\" itemscope itemtype=\"https:\/\/schema.org\/ImageGallery\"><\/div>\n\n<div class=\"colwrapper\"><div class=\"twocolleft\">Ons voorstel betreft een hedendaagse aanpassing met oog voor het cultuurhistorisch karakter. Het hotel en de feestzaal worden ontkoppeld door het slopen van het \u2018tussenlid\u2019. De feestzaal zal in een later stadium worden ontwikkeld. De oorspronkelijke erker en de entree (veranda) van het hotel wordt hersteld en zal weer dienst doen als hoofdtoegang. Door de sloop van het \u2018tussenlid\u2019 komt de kopgevel van het hotel weer geheel in het zicht. Tevens wordt het hierdoor mogelijk om een secundaire toegang te realiseren. Het souterrain wordt voor bevoorrading en de hotelkamers voor de gasten snel bereikbaar. Isolatie aan de buitenzijde zou het beeld van de gevel en het dak teveel verstoren. We hebben er daarom voor gekozen het gehele gebouw aan de binnenzijde te isoleren. De buitenkozijnen worden vernieuwd door een slank, aluminium renovatiesysteem en isolatieglas.\n\nIn het interieur zal de positie van de keuken worden gehandhaafd, maar met een meer open verbinding tot de rest van de begane grond. Een nieuwe ontsluiting (trap en lift voor rolstoelgebruikers en medewerkers) wordt toegevoegd ter hoogte van de kopgevel aan de westzijde. De WC\u2019s worden verplaatst naar de kelder en uitgebreid (van 3 naar 6 stuks). Op de begane grond wordt een WC voor mindervaliden gerealiseerd. De 1e verdieping wordt tevens heringedeeld. Er komen 7 hotelkamers, vari\u00ebrend in grootte langs een eenduidige brede, gang. In de hotelkamers komen alle spanten in het zicht. De badkamers worden als vrijstaande doosjes in de ruimte geplaatst. <\/div>\n\n<div class=\"twocolright\">Het hotel krijgt een geheel nieuwe kleurstelling. De kozijnen op de begane grond, de betonnen balk en het keimwerk op de begane grond worden in kiezelgrijs geschilderd. Hierdoor vormt het basement met het bestaande metselwerk zoals het oorspronkelijke bedoeld was als \u00e9\u00e9n solide geheel. Het keimwerk van de metselwerk gevel ter hoogte van de 1e verdieping (middenlijf) wordt in cr\u00e8me-wit geschilderd. De verdieping wordt afzonderlijk leesbaar, maar blijft in kleurtoon verbonden met het basement. De aluminium kozijnen van de herstelde erker en de veranda, de kozijnen op de 1e verdieping en dakrand worden in zwartgroen uitgevoerd. De kozijnen binden hiermee het basement en het middenlijf samen. Keimwerk aan de binnenzijde van de veranda in de kleur mosgroen zorgt voor een verbijzondering van de hoofdentree.\n\nNaar verwachting wordt het hotel in augustus 2022 opgeleverd.<\/div><div style=\"clear:both;\"><\/div><\/div>\n\n<div style=\"height:40px;\"><\/div><div class=\"textoverimg\">\n<h2 class=\"p1\">Vervangende nieuwbouw<\/h2>\n<\/div>\n\n<p class=\"jetpack-slideshow-noscript robots-nocontent\">This slideshow requires JavaScript.<\/p><div id=\"gallery-3524-3-slideshow\" class=\"jetpack-slideshow-window jetpack-slideshow jetpack-slideshow-black\" data-trans=\"fade\" data-autostart=\"1\" data-gallery=\"[{&quot;src&quot;:&quot;https:\\\/\\\/fpba.nl\\\/update23\\\/wp-content\\\/uploads\\\/2021\\\/11\\\/FPBA_Barchem_IndeGroeneJager_Frederik_Poll_51-1024x684.jpg&quot;,&quot;id&quot;:&quot;3954&quot;,&quot;title&quot;:&quot;FPBA_Barchem_IndeGroeneJager_Frederik_Poll_51&quot;,&quot;alt&quot;:&quot;&quot;,&quot;caption&quot;:&quot;&quot;,&quot;itemprop&quot;:&quot;image&quot;},{&quot;src&quot;:&quot;https:\\\/\\\/fpba.nl\\\/update23\\\/wp-content\\\/uploads\\\/2021\\\/11\\\/FPBA_Barchem_IndeGroeneJager_Frederik_Poll_50-1024x684.jpg&quot;,&quot;id&quot;:&quot;3953&quot;,&quot;title&quot;:&quot;FPBA_Barchem_IndeGroeneJager_Frederik_Poll_50&quot;,&quot;alt&quot;:&quot;&quot;,&quot;caption&quot;:&quot;&quot;,&quot;itemprop&quot;:&quot;image&quot;}]\" itemscope itemtype=\"https:\/\/schema.org\/ImageGallery\"><\/div>\n\n<div class=\"colwrapper\"><div class=\"twocolleft\">Alhoewel Berghoef studies heeft verricht naar de feest- en vergaderzaal in 1949 duurde het tot 1955 voordat de feestzaal ook werd gebouwd. De bouwtekening uit 1955 maakt melding van een \u2018aanbouw zaal\u2019 voor de eigenaar J. Bosch. De tekening is vervaardigd door het architectenbureau J.F. Langenhorst. In 1990 is het perceel aangevuld met een garage. De feestzaal zal in zijn geheel worden gesloopt. Hiervoor komt een woonblok met 4 grondgebonden appartementen en 4 maisonnettes in de plaats. De garage zal worden herontwikkeld naar 8 bergingen.\n\nOm aan te sluiten bij het hotel zijn voor de nieuwbouw karakteristieken van het hotel overgenomen. Ter hoogte van de 1e verdieping wordt een betonnen band ge\u00efntroduceerd. Deze sluit qua materialisering, kleurstelling en detaillering in het straatbeeld aan bij de betonnen band van het hotel. Ter hoogte van de 2e verdieping wordt een 2e betonnen band ge\u00efntroduceerd. Deze sluit qua hoogte in het straatbeeld aan bij de dakrand van het hotel. Beide banden zorgen er voor dat aan de voor- en achterzijde voldoende hoogte aanwezig is voor de borstwering van de terrassen.<\/div>\n\n<div class=\"twocolright\">\n\nDe rondom lopende balk op de 1e en 2e verdieping, de luifels boven de entrees en de tuinen aan de achterzijde en de dakrand worden uitgevoerd in prefab betonnen elementen met pigment. De kleurstelling is overeenkomstig het hotel. De plint van het woongebouw krijgt een solide basis door het toepassen van metselwerk met een antracietkleurige voeg. De 1e verdieping wordt in dezelfde steen uitgevoerd, maar met een lichtere voeg. Dat geldt ook voor de 2e verdieping, maar om een onderscheid te cre\u00ebren zal hier een staand metselwerkverband worden gebruikt. Hierdoor ontstaat een subtiele driedeling die ook aanwezig is in het hotel.\u00a0De buitenkozijnen worden uitgevoerd in hetzelfde slanke aluminium systeem dat ook wordt toegepast bij de modernisering van het hotel.\n\nDe aanvraag voor de omgevingsvergunning is in november 2021 ingediend.\n\n<\/div><div style=\"clear:both;\"><\/div><\/div>\n\n<div class=\"colwrapper\"><div class=\"midcol\"><span class=\"questa\">Opdrachtgever: Overreest B.V.<\/span>\n\n<span class=\"questa\">Architectuur: Frederik P\u00f6ll Bureau voor Architectuur<\/span>\n\n<span class=\"questa\">Ontwerpteam: Frederik P\u00f6ll, Stefan Brouwer,\u00a0Philip de Klerk, Edmira Rodrigues<\/span>\n\n<span class=\"questa\">Aannemer: Kreunen Bouw (modernisering hotel)<\/span>\n\n<span class=\"questa\">Directievoerder: Thierry Driessen, Palazzo Groep<\/span>\n\n<span class=\"questa\">Constructeur: Qbuz<\/span><\/div><div style=\"clear:both;\"><\/div><\/div>","protected":false},"excerpt":{"rendered":"","protected":false},"featured_media":3945,"template":"","meta":{"_monsterinsights_skip_tracking":false,"_monsterinsights_sitenote_active":false,"_monsterinsights_sitenote_note":"","_monsterinsights_sitenote_category":0},"categories":[],"yoast_head":"<!-- This site is optimized with the Yoast SEO plugin v21.9.1 - https:\/\/yoast.com\/wordpress\/plugins\/seo\/ -->\n<title>Hotel &#039;In de Groene Jager&#039;, Barchem - Frederik P\u00f6ll Bureau voor Architectuur<\/title>\n<meta name=\"robots\" content=\"index, follow, max-snippet:-1, max-image-preview:large, max-video-preview:-1\" \/>\n<link rel=\"canonical\" href=\"https:\/\/fpba.nl\/update23\/architectuur\/hotel-in-de-groene-jager-barchem\/\" \/>\n<meta property=\"og:locale\" content=\"en_US\" \/>\n<meta property=\"og:type\" content=\"article\" \/>\n<meta property=\"og:title\" content=\"Hotel &#039;In de Groene Jager&#039;, Barchem - Frederik P\u00f6ll Bureau voor Architectuur\" \/>\n<meta property=\"og:url\" content=\"https:\/\/fpba.nl\/update23\/architectuur\/hotel-in-de-groene-jager-barchem\/\" \/>\n<meta property=\"og:site_name\" content=\"Frederik P\u00f6ll Bureau voor Architectuur\" \/>\n<meta property=\"article:modified_time\" content=\"2023-04-07T07:06:37+00:00\" \/>\n<meta property=\"og:image\" content=\"https:\/\/fpba.nl\/update23\/wp-content\/uploads\/2021\/11\/FPBA_Barchem_IndeGroeneJager_Frederik_Poll_40.jpg\" \/>\n\t<meta property=\"og:image:width\" content=\"1437\" \/>\n\t<meta property=\"og:image:height\" content=\"960\" \/>\n\t<meta property=\"og:image:type\" content=\"image\/jpeg\" \/>\n<meta name=\"twitter:card\" content=\"summary_large_image\" \/>\n<meta name=\"twitter:label1\" content=\"Est. reading time\" \/>\n\t<meta name=\"twitter:data1\" content=\"5 minutes\" \/>\n<script type=\"application\/ld+json\" class=\"yoast-schema-graph\">{\"@context\":\"https:\/\/schema.org\",\"@graph\":[{\"@type\":\"WebPage\",\"@id\":\"https:\/\/fpba.nl\/update23\/architectuur\/hotel-in-de-groene-jager-barchem\/\",\"url\":\"https:\/\/fpba.nl\/update23\/architectuur\/hotel-in-de-groene-jager-barchem\/\",\"name\":\"Hotel 'In de Groene Jager', Barchem - Frederik P\u00f6ll Bureau voor Architectuur\",\"isPartOf\":{\"@id\":\"https:\/\/fpba.nl\/update23\/#website\"},\"datePublished\":\"2021-11-29T14:05:45+00:00\",\"dateModified\":\"2023-04-07T07:06:37+00:00\",\"breadcrumb\":{\"@id\":\"https:\/\/fpba.nl\/update23\/architectuur\/hotel-in-de-groene-jager-barchem\/#breadcrumb\"},\"inLanguage\":\"en-US\",\"potentialAction\":[{\"@type\":\"ReadAction\",\"target\":[\"https:\/\/fpba.nl\/update23\/architectuur\/hotel-in-de-groene-jager-barchem\/\"]}]},{\"@type\":\"BreadcrumbList\",\"@id\":\"https:\/\/fpba.nl\/update23\/architectuur\/hotel-in-de-groene-jager-barchem\/#breadcrumb\",\"itemListElement\":[{\"@type\":\"ListItem\",\"position\":1,\"name\":\"Home\",\"item\":\"https:\/\/fpba.nl\/update23\/\"},{\"@type\":\"ListItem\",\"position\":2,\"name\":\"Architectuur\",\"item\":\"https:\/\/fpba.nl\/update23\/architectuur\/\"},{\"@type\":\"ListItem\",\"position\":3,\"name\":\"Hotel &#8216;In de Groene Jager&#8217;, Barchem\"}]},{\"@type\":\"WebSite\",\"@id\":\"https:\/\/fpba.nl\/update23\/#website\",\"url\":\"https:\/\/fpba.nl\/update23\/\",\"name\":\"Frederik P\u00f6ll Bureau voor Architectuur\",\"description\":\"\",\"potentialAction\":[{\"@type\":\"SearchAction\",\"target\":{\"@type\":\"EntryPoint\",\"urlTemplate\":\"https:\/\/fpba.nl\/update23\/?s={search_term_string}\"},\"query-input\":\"required name=search_term_string\"}],\"inLanguage\":\"en-US\"}]}<\/script>\n<!-- \/ Yoast SEO plugin. -->","yoast_head_json":{"title":"Hotel 'In de Groene Jager', Barchem - Frederik P\u00f6ll Bureau voor Architectuur","robots":{"index":"index","follow":"follow","max-snippet":"max-snippet:-1","max-image-preview":"max-image-preview:large","max-video-preview":"max-video-preview:-1"},"canonical":"https:\/\/fpba.nl\/update23\/architectuur\/hotel-in-de-groene-jager-barchem\/","og_locale":"en_US","og_type":"article","og_title":"Hotel 'In de Groene Jager', Barchem - Frederik P\u00f6ll Bureau voor Architectuur","og_url":"https:\/\/fpba.nl\/update23\/architectuur\/hotel-in-de-groene-jager-barchem\/","og_site_name":"Frederik P\u00f6ll Bureau voor Architectuur","article_modified_time":"2023-04-07T07:06:37+00:00","og_image":[{"width":1437,"height":960,"url":"https:\/\/fpba.nl\/update23\/wp-content\/uploads\/2021\/11\/FPBA_Barchem_IndeGroeneJager_Frederik_Poll_40.jpg","type":"image\/jpeg"}],"twitter_card":"summary_large_image","twitter_misc":{"Est. reading time":"5 minutes"},"schema":{"@context":"https:\/\/schema.org","@graph":[{"@type":"WebPage","@id":"https:\/\/fpba.nl\/update23\/architectuur\/hotel-in-de-groene-jager-barchem\/","url":"https:\/\/fpba.nl\/update23\/architectuur\/hotel-in-de-groene-jager-barchem\/","name":"Hotel 'In de Groene Jager', Barchem - Frederik P\u00f6ll Bureau voor Architectuur","isPartOf":{"@id":"https:\/\/fpba.nl\/update23\/#website"},"datePublished":"2021-11-29T14:05:45+00:00","dateModified":"2023-04-07T07:06:37+00:00","breadcrumb":{"@id":"https:\/\/fpba.nl\/update23\/architectuur\/hotel-in-de-groene-jager-barchem\/#breadcrumb"},"inLanguage":"en-US","potentialAction":[{"@type":"ReadAction","target":["https:\/\/fpba.nl\/update23\/architectuur\/hotel-in-de-groene-jager-barchem\/"]}]},{"@type":"BreadcrumbList","@id":"https:\/\/fpba.nl\/update23\/architectuur\/hotel-in-de-groene-jager-barchem\/#breadcrumb","itemListElement":[{"@type":"ListItem","position":1,"name":"Home","item":"https:\/\/fpba.nl\/update23\/"},{"@type":"ListItem","position":2,"name":"Architectuur","item":"https:\/\/fpba.nl\/update23\/architectuur\/"},{"@type":"ListItem","position":3,"name":"Hotel &#8216;In de Groene Jager&#8217;, Barchem"}]},{"@type":"WebSite","@id":"https:\/\/fpba.nl\/update23\/#website","url":"https:\/\/fpba.nl\/update23\/","name":"Frederik P\u00f6ll Bureau voor Architectuur","description":"","potentialAction":[{"@type":"SearchAction","target":{"@type":"EntryPoint","urlTemplate":"https:\/\/fpba.nl\/update23\/?s={search_term_string}"},"query-input":"required name=search_term_string"}],"inLanguage":"en-US"}]}},"jetpack_sharing_enabled":true,"_links":{"self":[{"href":"https:\/\/fpba.nl\/update23\/wp-json\/wp\/v2\/architectuur\/3524"}],"collection":[{"href":"https:\/\/fpba.nl\/update23\/wp-json\/wp\/v2\/architectuur"}],"about":[{"href":"https:\/\/fpba.nl\/update23\/wp-json\/wp\/v2\/types\/architectuur"}],"version-history":[{"count":38,"href":"https:\/\/fpba.nl\/update23\/wp-json\/wp\/v2\/architectuur\/3524\/revisions"}],"predecessor-version":[{"id":3973,"href":"https:\/\/fpba.nl\/update23\/wp-json\/wp\/v2\/architectuur\/3524\/revisions\/3973"}],"wp:featuredmedia":[{"embeddable":true,"href":"https:\/\/fpba.nl\/update23\/wp-json\/wp\/v2\/media\/3945"}],"wp:attachment":[{"href":"https:\/\/fpba.nl\/update23\/wp-json\/wp\/v2\/media?parent=3524"}],"wp:term":[{"taxonomy":"category","embeddable":true,"href":"https:\/\/fpba.nl\/update23\/wp-json\/wp\/v2\/categories?post=3524"}],"curies":[{"name":"wp","href":"https:\/\/api.w.org\/{rel}","templated":true}]}}